{"id":893,"date":"2022-12-13T11:33:05","date_gmt":"2022-12-13T10:33:05","guid":{"rendered":"https:\/\/nohatealliance.info\/misioni\/"},"modified":"2026-04-09T14:39:43","modified_gmt":"2026-04-09T13:39:43","slug":"mission","status":"publish","type":"page","link":"https:\/\/nohatealliance.info\/en\/mission\/","title":{"rendered":"Mission"},"content":{"rendered":"<p><img decoding=\"async\" title=\"logo aleanca\" src=\"https:\/\/nohatealliance.info\/wp-content\/uploads\/2022\/06\/logo-aleanca.jpg\" alt=\"logo aleanca\" width=\"260\" height=\"168\" data-id=\"90\" data-init-width=\"1536\" data-init-height=\"990\" data-width=\"260\" data-height=\"168\" \/><\/p>\n<p>The <strong>\u201cAlliance Against Hate Speech\u201d<\/strong> was established on December 20, 2019, in Tirana, as an initiative of the Ombudsman, the Commissioner for Protection from Discrimination, the Audiovisual Media Authority, and the Albanian Media Council to combat the phenomenon of \u201chate speech\u201d in all the dimensions in which it appears in Albanian society.<\/p>\n<p style=\"text-align: left;\">Aleanca ka p\u00ebr objekt kryesor t\u00eb veprimtaris\u00eb s\u00eb saj:<\/p>\n<p>T\u00eb luftoj\u00eb gjuh\u00ebn e urrejtjes n\u00ebp\u00ebrmjet ngritjes s\u00eb vet\u00ebdijes, informimit dhe kontribuimit n\u00eb nj\u00eb dialog komb\u00ebtar, duke krijuar ura dialogu dhe bashk\u00ebveprimi me shoq\u00ebrin\u00eb civile dhe organet publike, mbi pasojat e gjuh\u00ebs s\u00eb urrejtjes, ndikimin e saj n\u00eb zhvillimin demokratik t\u00eb vendit dhe reduktimin e k\u00ebtij fenomeni n\u00eb shoq\u00ebrin\u00eb shqiptare.<\/p>\n<p>T\u00eb promovoj\u00eb lirin\u00eb e shprehjes si domosdoshm\u00ebri t\u00eb nj\u00eb shoq\u00ebrie demokratike duke leht\u00ebsuar nj\u00eb debat t\u00eb hapur dhe sensibilizues p\u00ebr publikun p\u00ebr provomovimin e lajmit n\u00eb m\u00ebnyr\u00eb korrekte dhe etike, promovimin e diversitetit n\u00eb media dhe respektimin e t\u00eb drejtave t\u00eb njeriut n\u00eb Shqip\u00ebri<\/p>\n<p>T\u00eb siguroj\u00eb nj\u00eb harmonizim m\u00eb t\u00eb plot\u00eb nd\u00ebrmjet legjislacionit civil dhe atij penal kund\u00ebr diskriminimit. T\u00eb nxis\u00eb publikimin e rregullt dhe t\u00eb sakt\u00eb t\u00eb statistikave p\u00ebr gjuh\u00ebn e urrejtjes sipas Kodit Penal.<\/p>\n<p>T\u00eb sensibilizoj\u00eb dhe intensifikoj\u00eb p\u00ebrpjekjet p\u00ebr t\u00eb parandaluar p\u00ebrdorimin e gjuh\u00ebs se urrejtjes n\u00eb internet dhe\/ose n\u00eb mediat sociale, si dhe m\u00ebnyrat per ta luftuar ate.<\/p>\n<p>T\u00eb rris\u00eb aft\u00ebsimin e m\u00ebsuesve si dhe forcimin e p\u00ebrpjekjeve n\u00eb mjedisin arsimor t\u00eb t\u00eb gjitha niveleve ndaj fenomeneve negative t\u00eb gjuh\u00ebs s\u00eb urrejtjes dhe parandalimin e saj.<\/p>\n<p>T\u00eb rris\u00eb nd\u00ebrgjegj\u00ebsimin e pun\u00ebdh\u00ebn\u00ebsve dhe pun\u00ebmarr\u00ebsve, si n\u00eb sektorin publik ashtu edhe n\u00eb at\u00eb privat, p\u00ebr detyrimin q\u00eb kan\u00eb p\u00ebr t\u00eb parandaluar dhe adresuar gjuh\u00ebn e urrejtjes, krimet e urrejtjes dhe ngacmimit n\u00eb vendin e pun\u00ebs, si dhe garantimin e p\u00ebrpjekjeve sistematike p\u00ebr luftimin e saj n\u00eb fush\u00ebn e sh\u00ebndetit, siguris\u00eb dhe mjedisin e vendit t\u00eb pun\u00ebs.<\/p>\n<p>N\u00eb realizimin e k\u00ebtyre objektivave, Aleanca synon t\u00eb ftoj\u00eb dhe bashk\u00ebpunoj\u00eb ngusht\u00ebsisht me individ\u00eb apo organizatat e shoq\u00ebris\u00eb civile si dhe organet publike n\u00eb t\u00eb gjitha nivelet p\u00ebr t\u00eb eliminuar gjuh\u00ebn e urrejtjes dhe pasojat e saj negative n\u00eb shoq\u00ebrin\u00eb shqiptare.<\/p>\n<p>P\u00ebr m\u00eb shume informacion mbi veprimtarin\u00eb e Aleanc\u00ebs mund t\u00eb vizitoni faqet e institucioneve themeluese.<\/p>\n","protected":false},"excerpt":{"rendered":"<p>The \u201cAlliance Against Hate Speech\u201d was established on December 20, 2019, in Tirana, as an initiative of the Ombudsman, the Commissioner for Protection from Discrimination, the Audiovisual Media Authority, and the Albanian Media Council to combat the phenomenon of \u201chate speech\u201d in all the dimensions in which it appears in Albanian society. Aleanca ka p\u00ebr [&hellip;]<\/p>\n","protected":false},"author":1,"featured_media":0,"parent":0,"menu_order":0,"comment_status":"closed","ping_status":"closed","template":"","meta":{"_seopress_robots_primary_cat":"","_seopress_titles_title":"Misioni","_seopress_titles_desc":"","_seopress_robots_index":"","footnotes":""},"class_list":["post-893","page","type-page","status-publish","hentry","post-wrapper","thrv_wrapper"],"_links":{"self":[{"href":"https:\/\/nohatealliance.info\/en\/wp-json\/wp\/v2\/pages\/893","targetHints":{"allow":["GET"]}}],"collection":[{"href":"https:\/\/nohatealliance.info\/en\/wp-json\/wp\/v2\/pages"}],"about":[{"href":"https:\/\/nohatealliance.info\/en\/wp-json\/wp\/v2\/types\/page"}],"author":[{"embeddable":true,"href":"https:\/\/nohatealliance.info\/en\/wp-json\/wp\/v2\/users\/1"}],"replies":[{"embeddable":true,"href":"https:\/\/nohatealliance.info\/en\/wp-json\/wp\/v2\/comments?post=893"}],"version-history":[{"count":4,"href":"https:\/\/nohatealliance.info\/en\/wp-json\/wp\/v2\/pages\/893\/revisions"}],"predecessor-version":[{"id":1251,"href":"https:\/\/nohatealliance.info\/en\/wp-json\/wp\/v2\/pages\/893\/revisions\/1251"}],"wp:attachment":[{"href":"https:\/\/nohatealliance.info\/en\/wp-json\/wp\/v2\/media?parent=893"}],"curies":[{"name":"wp","href":"https:\/\/api.w.org\/{rel}","templated":true}]}}