{"id":494,"date":"2022-06-27T12:12:29","date_gmt":"2022-06-27T11:12:29","guid":{"rendered":"https:\/\/nohatealliance.info\/legal-basis\/"},"modified":"2022-09-06T23:58:24","modified_gmt":"2022-09-06T22:58:24","slug":"legal-basis","status":"publish","type":"page","link":"https:\/\/nohatealliance.info\/en\/legal-basis\/","title":{"rendered":"Legal Basis"},"content":{"rendered":"<h3 style=\"text-align: left;\">LIGJI \u201cPER AVOKATIN E POPULLIT\u201d<\/h3>\n<p>&#8212;<\/p>\n<p><em><strong>REPUBLIKA E SHQIPERISE<\/strong><\/em><\/p>\n<p><strong>KUVENDI<\/strong><\/p>\n<p><strong>LIGJI<\/strong><\/p>\n<p><strong>Nr.8454, dat\u00eb 4.2.1999, plot\u00ebsuar me ligjin nr.8600 dat\u00eb 10.04.2000, ndryshuar me ligjin nr.9398, dat\u00eb 12.05.2005, shtuar dhe ndryshuar me ligjin nr.155\/2014, dat\u00eb 27.11.2014:<\/strong><\/p>\n<p><strong>\u201cP\u00cbR AVOKATIN E POPULLIT\u201d<\/strong><\/p>\n<p>N\u00eb mb\u00ebshtetje t\u00eb neneve 60-63, 81 dhe 83 pika 1 t\u00eb Kushtetut\u00ebs, me propozimin e K\u00ebshillit t\u00eb Ministrave.<\/p>\n<p><strong>KUVENDI&nbsp;I REPUBLIK\u00cbS S\u00cb SHQIP\u00cbRIS\u00cb<\/strong><\/p>\n<p><strong>VENDOSI:<\/strong><\/p>\n<p><strong>KREU&nbsp;&nbsp; I<\/strong><\/p>\n<p><strong>DISPOZITA T\u00cb P\u00cbRGJITHSHME<\/strong><\/p>\n<p><strong>Neni 1<\/strong><\/p>\n<p><strong>Objekti i ligjit<\/strong><\/p>\n<p>Objekti i k\u00ebtij ligji \u00ebsht\u00eb p\u00ebrcaktimi i rregullave t\u00eb organizimit dhe t\u00eb funksionimit t\u00eb Avokatit t\u00eb Popullit.<\/p>\n<p><a target=\"_blank\" rel=\"noopener\"><strong>Neni 2<\/strong><\/a><\/p>\n<p><a target=\"_blank\" rel=\"noopener\"><strong>Detyrat e Avokatit t\u00eb Popullit<\/strong><\/a><\/p>\n<p><a target=\"_blank\" rel=\"noopener\">Avokati i Popullit mbron t\u00eb drejtat, lirit\u00eb dhe interesat e ligjsh\u00ebm t\u00eb individit nga veprimet ose mosveprimet e paligjshme e t\u00eb parregullta t\u00eb organeve t\u00eb administrat\u00ebs publike, si dhe t\u00eb t\u00eb tret\u00ebve q\u00eb veprojn\u00eb p\u00ebr llogari t\u00eb saj. Ai \u00ebsht\u00eb nxit\u00ebs i standardeve m\u00eb t\u00eb larta t\u00eb t\u00eb drejtave dhe lirive t\u00eb njeriut n\u00eb vend.<\/a><\/p>\n<p><a target=\"_blank\" rel=\"noopener\">Avokati i Popullit i udh\u00ebhequr nga parimet e paan\u00ebsis\u00eb, konfidencialitetit, profesionalizmit dhe pavar\u00ebsis\u00eb ushtron veprimtarin\u00eb n\u00eb mbrojtje t\u00eb t\u00eb drejtave dhe t\u00eb lirive t\u00eb njeriut, t\u00eb parashikuara n\u00eb dispozita kushtetuese dhe n\u00eb ligje. Dispozitat e k\u00ebtij ligji zbatohen edhe p\u00ebr mbrojtjen e t\u00eb drejtave t\u00eb t\u00eb huajve, t\u00eb cil\u00ebt jan\u00eb ose jo, rezident\u00eb t\u00eb rregullt n\u00eb Shqip\u00ebri, t\u00eb refugjat\u00ebve, azilk\u00ebrkuesve si dhe t\u00eb personave pa shtet\u00ebsi q\u00eb ndodhen n\u00eb territorin e Republik\u00ebs s\u00eb Shqip\u00ebris\u00eb, sipas kushteve&nbsp;t\u00eb parashikuara n\u00eb ligj.<\/a><\/p>\n<p><a target=\"_blank\" rel=\"noopener\">Avokati i Popullit kryen edhe detyra t\u00eb tjera t\u00eb caktuara me ligje t\u00eb ve\u00e7anta.<\/a><\/p>\n<p><a target=\"_blank\" rel=\"noopener\"><strong>Neni 3<\/strong><\/a><\/p>\n<p><a target=\"_blank\" rel=\"noopener\"><strong>Kushtet p\u00ebr t\u2019u zgjedhur Avokat i Popullit<\/strong><\/a><\/p>\n<p><a target=\"_blank\" rel=\"noopener\">Avokat i Popullit mund t\u00eb jet\u00eb \u00e7do person q\u00eb plot\u00ebson k\u00ebto kushte:<\/a><\/p>\n<p><a target=\"_blank\" rel=\"noopener\">a):&nbsp;t\u00eb jet\u00eb shtetas shqiptar.<\/a><\/p>\n<p><a target=\"_blank\" rel=\"noopener\">b): t\u00eb ket\u00eb njohuri dhe veprimtari t\u00eb shquara n\u00eb fush\u00ebn e lirive dhe t\u00eb drejtave t\u00eb njeriut dhe t\u00eb ligjit;<\/a><\/p>\n<p><a target=\"_blank\" rel=\"noopener\">c):&nbsp;t\u00eb shquhet p\u00ebr aft\u00ebsi profesionale dhe figure t\u00eb past\u00ebr etiko-morale;<\/a><\/p>\n<p><a target=\"_blank\" rel=\"noopener\">\u00e7):&nbsp;t\u00eb mos jet\u00eb d\u00ebnuar penalisht<\/a><\/p>\n<p><a target=\"_blank\" rel=\"noopener\">d):&nbsp;t\u00eb mos jet\u00eb deputet n\u00eb legjislatur\u00ebn e Kuvendit q\u00eb b\u00ebn propozimin a zgjedhjen e tij.<\/a><\/p>\n<p><a target=\"_blank\" rel=\"noopener\"><strong>KREU&nbsp;&nbsp;&nbsp; II<\/strong><\/a><\/p>\n<p><a target=\"_blank\" rel=\"noopener\"><strong>ZGJEDHJA, HEQJA DHE T\u00cb DREJTAT E&nbsp;AVOKATIT T\u00cb POPULLIT<\/strong><\/a><\/p>\n<p><a target=\"_blank\" rel=\"noopener\"><strong>Neni 4<\/strong><\/a><\/p>\n<p><a target=\"_blank\" rel=\"noopener\">M\u00ebnyra e zgjedhjes s\u00eb Avokatit t\u00eb Popullit<\/a><\/p>\n<p><a target=\"_blank\" rel=\"noopener\">Avokati i Popullit zgjidhet nga tri t\u00eb pestat e t\u00eb gjith\u00eb an\u00ebtar\u00ebve t\u00eb Kuvendit.<\/a><\/p>\n<p><a target=\"_blank\" rel=\"noopener\">Para marrjes ose rimarrjes s\u00eb detyr\u00ebs Avokati i Popullit b\u00ebn betimin para Kuvendit. Formula e betimit \u00ebsht\u00eb: \u201cBetohem se gjat\u00eb kryerjes s\u00eb detyrave t\u00eb mia do t\u00eb mbroj kurdoher\u00eb lirit\u00eb dhe t\u00eb drejtat themelore t\u00eb njer\u00ebzve pa dallim, n\u00eb p\u00ebrputhje me Kushtetut\u00ebn dhe me ligjet e Republik\u00ebs s\u00eb Shqip\u00ebris\u00eb\u201d.<\/a><\/p>\n<p><a target=\"_blank\" rel=\"noopener\"><strong>Neni 5<\/strong><\/a><\/p>\n<p><a target=\"_blank\" rel=\"noopener\"><strong>Koh\u00ebzgjatja n\u00eb detyr\u00eb<\/strong><\/a><\/p>\n<p><a target=\"_blank\" rel=\"noopener\">Avokati i Popullit zgjidhet n\u00eb detyr\u00eb p\u00ebr nj\u00eb periudh\u00eb prej pes\u00eb vjet\u00ebsh me t\u00eb drejt\u00eb rizgjedhjeje.<\/a><\/p>\n<p><a target=\"_blank\" rel=\"noopener\"><strong>Neni 6<\/strong><\/a><\/p>\n<p><a target=\"_blank\" rel=\"noopener\"><strong>Imuniteti dhe paga<\/strong><\/a><\/p>\n<p><a target=\"_blank\" rel=\"noopener\">Avokati i Popullit paraqet raport vjetor p\u00ebrpara Kuvendit. Avokati i Popullit raporton p\u00ebrpara Kuvendit kur i k\u00ebrkohet prej k\u00ebtij, si dhe mund t\u2019i k\u00ebrkoj\u00eb Kuvendit t\u00eb d\u00ebgjohet p\u00ebr \u00e7\u00ebshtje q\u00eb ai i \u00e7mon si t\u00eb r\u00ebnd\u00ebsishme. Avokati i Popullit g\u00ebzon imunitetin e gjyqtarit t\u00eb Gjykat\u00ebs s\u00eb Lart\u00eb. Paga e tij barazohet me at\u00eb t\u00eb Kryetarit t\u00eb Gjykat\u00ebs s\u00eb Lart\u00eb.<\/a><\/p>\n<p><a target=\"_blank\" rel=\"noopener\"><strong>Neni 7<\/strong><\/a><\/p>\n<p><a target=\"_blank\" rel=\"noopener\"><strong>Mbarimi i mandatit t\u00eb Avokatit t\u00eb Popullit<\/strong><\/a><\/p>\n<p><a target=\"_blank\" rel=\"noopener\">Mandati i Avokatit t\u00eb Popullit mbaron:<\/a><\/p>\n<p><a target=\"_blank\" rel=\"noopener\">a):&nbsp;kur jep dor\u00ebheqjen;<\/a><\/p>\n<p><a target=\"_blank\" rel=\"noopener\">b):&nbsp;kur mbaron afati 5-vje\u00e7ar i q\u00ebndrimit n\u00eb k\u00ebt\u00eb funksion;<\/a><\/p>\n<p><a target=\"_blank\" rel=\"noopener\">c):&nbsp;me vdekjen e tij;<\/a><\/p>\n<p><a target=\"_blank\" rel=\"noopener\">\u00e7):&nbsp;kur shkarkohet.<\/a><\/p>\n<p><a target=\"_blank\" rel=\"noopener\"><strong>Neni 8<\/strong><\/a><\/p>\n<p><a target=\"_blank\" rel=\"noopener\"><strong>Shkarkimi i Avokatit t\u00eb Popullit<\/strong><\/a><\/p>\n<p><a target=\"_blank\" rel=\"noopener\">Avokati i Popullit shkarkohet nga funksioni vet\u00ebm n\u00eb rastet kur:<\/a><\/p>\n<p><a target=\"_blank\" rel=\"noopener\">a):&nbsp;\u00ebsht\u00eb d\u00ebnuar me nj\u00eb vendim gjykate t\u00eb form\u00ebs s\u00eb prer\u00eb;<\/a><\/p>\n<p><a target=\"_blank\" rel=\"noopener\">b):&nbsp;\u00ebsht\u00eb i paaft\u00eb mend\u00ebrisht a fizikisht p\u00ebr t\u00eb ushtruar funksionet e tij;<\/a><\/p>\n<p><a target=\"_blank\" rel=\"noopener\">c):&nbsp;kryen veprimtari n\u00eb kund\u00ebrshtim me parashikimet e nenit 10 t\u00eb k\u00ebtij ligji;<\/a><\/p>\n<p><a target=\"_blank\" rel=\"noopener\">\u00e7):&nbsp;nuk paraqitet n\u00eb detyr\u00eb p\u00ebr m\u00eb shum\u00eb se 3 muaj.<\/a><\/p>\n<p><a target=\"_blank\" rel=\"noopener\">Mocioni p\u00ebr shkarkimin e Avokatit t\u00eb Popullit b\u00ebhet s\u00eb paku me 1\/3 e deputet\u00ebve t\u00eb Kuvendit.<\/a><\/p>\n<p><a target=\"_blank\" rel=\"noopener\">Vendimi p\u00ebr shkarkimin nga funksioni t\u00eb Avokatit t\u00eb Popullit merret me 3\/5 e votave t\u00eb deputet\u00ebve t\u00eb Kuvendit.<\/a><\/p>\n<p><a target=\"_blank\" rel=\"noopener\"><strong>Neni 9<\/strong><\/a><\/p>\n<p><a target=\"_blank\" rel=\"noopener\"><strong>Zgjedhja e Avokatit t\u00eb ri t\u00eb Popullit<\/strong><\/a><\/p>\n<p><a target=\"_blank\" rel=\"noopener\">1. Kuvendi i Shqip\u00ebris\u00eb, jo m\u00eb von\u00eb se tre muaj p\u00ebrpara p\u00ebrfundimit t\u00eb mandatit t\u00eb p\u00ebrcaktuar n\u00eb nenin 7, shkronja \u201cb\u201d, publikon shpalljen e vendit vakant t\u00eb Avokatit t\u00eb Popullit. N\u00eb k\u00ebt\u00eb rast, Avokati i Popullit q\u00ebndron n\u00eb detyr\u00eb deri n\u00eb zgjedhjen e Avokatit t\u00eb ri.<\/a><\/p>\n<p><a target=\"_blank\" rel=\"noopener\">2. N\u00eb rastet e tjera t\u00eb mbarimit t\u00eb mandatit, sipas k\u00ebtij ligji, shpallja p\u00ebr vendin vakant t\u00eb Avokatit t\u00eb Popullit b\u00ebhet nga Kuvendi, br\u00ebnda 10 dit\u00ebve nga krijimi i vakanc\u00ebs. N\u00eb k\u00ebto raste, komisioneri m\u00eb i vjet\u00ebr n\u00eb detyr\u00eb kryen funksionin e tij deri n\u00eb zgjedhjen e Avokatit t\u00eb ri.<\/a><\/p>\n<p><a target=\"_blank\" rel=\"noopener\">3. Me ftes\u00eb t\u00eb hapur publike t\u00eb Kuvendit, \u00e7do shtetas, i cili plot\u00ebson kushtet e parashikuara n\u00eb k\u00ebt\u00eb ligj, mund t\u00eb paraqes\u00eb kandidatur\u00ebn p\u00ebr Avokat t\u00eb Popullit.<\/a><\/p>\n<p><a target=\"_blank\" rel=\"noopener\">4. Lista e kandidat\u00ebve i kalon komisionit t\u00eb Kuvendit q\u00eb mbulon \u00e7\u00ebshtjet ligjore p\u00ebr t\u00eb verifikuar p\u00ebrmbushjen e kritereve kushtetuese e ligjore dhe merit\u00ebn e \u00e7do kandidature. Komisioni p\u00ebr \u00e7\u00ebshtjet ligjore organizon seanca d\u00ebgjimore publike me secilin kandidat. N\u00eb p\u00ebrfundim t\u00eb procesit d\u00ebgjimor, komisioni miraton list\u00ebn e plot\u00eb t\u00eb kandidat\u00ebve t\u00eb paraqitur s\u00eb bashku me vler\u00ebsimin p\u00ebr p\u00ebrmbushjen e kritereve kushtetuese e ligjore dhe merit\u00ebn e \u00e7do kandidature.<\/a><\/p>\n<p><a target=\"_blank\" rel=\"noopener\">5. Kandidaturat p\u00ebr Avokat t\u00eb Popullit i paraqiten Kuvendit me shkrim nga jo m\u00eb pak se 28 deputet\u00eb, t\u00eb p\u00ebrzgjedhur n\u00eb radh\u00ebt e kandidat\u00ebve q\u00eb p\u00ebrmbushin kriteret kushtetuese e ligjore dhe merit\u00ebn, sipas vler\u00ebsimit t\u00eb komisionit q\u00eb mbulon \u00e7\u00ebshtjet ligjore, n\u00eb list\u00ebn e miratuar prej tij.<\/a><\/p>\n<p><a target=\"_blank\" rel=\"noopener\">6. Avokati i Popullit zgjidhet nga tri t\u00eb pestat e t\u00eb gjith\u00eb an\u00ebtar\u00ebve t\u00eb Kuvendit jo m\u00eb von\u00eb se 30 dit\u00eb nga mbarimi i mandatit ose nga data e shkarkimit.<\/a><\/p>\n<p><a target=\"_blank\" rel=\"noopener\"><strong>Neni 10<\/strong><\/a><\/p>\n<p><a target=\"_blank\" rel=\"noopener\"><strong>Papajtueshm\u00ebrit\u00eb me funksionin e Avokatit t\u00eb Popullit<\/strong><\/a><\/p>\n<p><a target=\"_blank\" rel=\"noopener\">Avokati i Popullit ndalohet t\u00eb b\u00ebj\u00eb pjes\u00eb n\u00eb parti apo organizata politike, t\u00eb kryej\u00eb veprimtari tjet\u00ebr politike, shtet\u00ebrore e profesionale dhe t\u00eb marr\u00eb pjes\u00eb n\u00eb organizmat drejtues t\u00eb organizatave shoq\u00ebrore, ekonomike dhe tregtare. Ai mund t\u00eb ushtroj\u00eb t\u00eb drejt\u00ebn si autor e m\u00ebsimdh\u00ebn\u00ebs.<\/a><\/p>\n<p><a target=\"_blank\" rel=\"noopener\"><strong>Neni 11<\/strong><\/a><\/p>\n<p><a target=\"_blank\" rel=\"noopener\"><strong>Sigurimi i pun\u00ebs s\u00eb m\u00ebparshme t\u00eb Avokatit t\u00eb Popullit<\/strong><\/a><\/p>\n<p><a target=\"_blank\" rel=\"noopener\">Me mbarimin e funksionit sipas shkronjave \u201ca\u201d e \u201cb\u201d t\u00eb nenit 7, Avokati i Popullit ka t\u00eb drejt\u00eb t\u00eb rimarr\u00eb funksionin ose pun\u00ebn publike q\u00eb kishte para zgjedhjes si Avokat i Popullit.<\/a><\/p>\n<p><a target=\"_blank\" rel=\"noopener\">Kur kjo nuk \u00ebsht\u00eb e mundur, duhet t\u2019i sigurohet nj\u00eb pun\u00eb e barazvlefshme me at\u00eb q\u00eb ai kishte p\u00ebrpara zgjedhjes n\u00eb detyr\u00ebn e Avokatit t\u00eb Popullit.<\/a><\/p>\n<p><a target=\"_blank\" rel=\"noopener\">&nbsp;<\/a><\/p>\n<p><a target=\"_blank\" rel=\"noopener\"><strong>KREU&nbsp;&nbsp; III<\/strong><\/a><\/p>\n<p><a target=\"_blank\" rel=\"noopener\"><strong>ANKESAT, RREGULLAT E SHQYRTIMIT T\u00cb \u00c7\u00cbSHTJEVE DHE KOMPETENCAT E&nbsp;AVOKATIT T\u00cb POPULLIT<\/strong><\/a><\/p>\n<p><a target=\"_blank\" rel=\"noopener\"><strong>Neni 12<\/strong><\/a><\/p>\n<p><a target=\"_blank\" rel=\"noopener\"><strong>E drejta p\u00ebr t\u2019u ankuar<\/strong><\/a><\/p>\n<p><a target=\"_blank\" rel=\"noopener\">\u00c7do individ, grup individ\u00ebsh ose organizata joqeveritare, q\u00eb pretendojn\u00eb se u jan\u00eb shkelur t\u00eb drejtat dhe lirit\u00eb dhe interesat e tyre t\u00eb ligjshme nga veprimet ose mosveprimet e paligjshme e t\u00eb parregullta t\u00eb organeve t\u00eb administrat\u00ebs publike, kan\u00eb t\u00eb drejt\u00eb t\u00eb ankohen ose t\u00eb njoftojn\u00eb Avokatin e Popullit dhe t\u00eb k\u00ebrkojn\u00eb nd\u00ebrhyrjen e tij p\u00ebr v\u00ebnien n\u00eb vend t\u00eb s\u00eb drejt\u00ebs ose liris\u00eb s\u00eb shkelur.<\/a><\/p>\n<p><a target=\"_blank\" rel=\"noopener\">Avokati i Popullit duhet t\u00eb ruaj\u00eb fsheht\u00ebsin\u00eb n\u00ebse e sheh t\u00eb arsyeshme si dhe n\u00ebse kjo k\u00ebrkohet nga personi q\u00eb b\u00ebn ankes\u00ebn, k\u00ebrkes\u00ebn apo njoftimin.<\/a><\/p>\n<p><a target=\"_blank\" rel=\"noopener\"><strong>Neni 13<\/strong><\/a><\/p>\n<p><a target=\"_blank\" rel=\"noopener\"><strong>Fillimi i shqyrtimit t\u00eb \u00e7\u00ebshtjes<\/strong><\/a><\/p>\n<p><a target=\"_blank\" rel=\"noopener\">Avokati i Popullit fillon procedur\u00ebn e shqyrtimit t\u00eb \u00e7\u00ebshtjes kur v\u00ebren ose dyshon se ka ndodhur nj\u00eb shkelje e s\u00eb drejt\u00ebs, n\u00eb baz\u00eb t\u00eb ankes\u00ebs apo t\u00eb k\u00ebrkes\u00ebs s\u00eb personit t\u00eb interesuar ose t\u00eb d\u00ebmtuar, si dhe me nism\u00ebn e vet, p\u00ebr raste t\u00eb ve\u00e7anta t\u00eb b\u00ebra publike.<\/a><\/p>\n<p><a target=\"_blank\" rel=\"noopener\">N\u00eb rastet kur Avokati i Popullit fillon pro\u00e7edur\u00ebn e shqyrtimit t\u00eb \u00e7\u00ebshtjes me nism\u00ebn e vet dhe kur kujdestari ose p\u00ebrfaq\u00ebsuesi i tij ligjor nuk vepron, nuk k\u00ebrkohet p\u00eblqimi i t\u00eb d\u00ebmtuarit kur \u00ebsht\u00eb i mitur apo i paaft\u00eb mend\u00ebrisht apo me aft\u00ebsi t\u00eb kufizuara ose p\u00ebr mbrojtjen e t\u00eb drejtave t\u00eb nj\u00eb numri t\u00eb madh t\u00eb individ\u00ebve.<\/a><\/p>\n<p><a target=\"_blank\" rel=\"noopener\">N\u00eb mbrojtje t\u00eb interesave t\u00eb nj\u00eb komuniteti t\u00eb gj\u00ebr\u00eb, t\u00eb cil\u00ebt mund t\u00eb preken nga pro\u00e7edimi administrativ, Avokati i Popullit ka t\u00eb drejt\u00eb t\u00eb filloj\u00eb nj\u00eb procedim administrativ dhe t\u00eb marr\u00eb pjes\u00eb n\u00eb t\u00eb, n\u00eb p\u00ebrputhje me k\u00ebrkesat e Kodit t\u00eb Procedur\u00ebs Administrative.<\/a><\/p>\n<p><a target=\"_blank\" rel=\"noopener\"><strong>Neni 14<\/strong><\/a><\/p>\n<p><a target=\"_blank\" rel=\"noopener\"><strong>Kushtet e pranimit t\u00eb ankesave, k\u00ebrkesave apo njoftimeve<\/strong><\/a><\/p>\n<p><a target=\"_blank\" rel=\"noopener\">Avokati i Popullit mund t\u00eb mos filloj\u00eb ose nd\u00ebrpret hetimin n\u00eb qoft\u00eb se e nj\u00ebjta \u00e7\u00ebshtje \u00ebsht\u00eb vendosur ose \u00ebsht\u00eb n\u00eb shqyrtim nga prokuroria apo gjykata. N\u00eb k\u00ebto raste, ai ka t\u00eb drejt\u00eb t\u00eb k\u00ebrkoj\u00eb informacion pran\u00eb k\u00ebtyre organeve,&nbsp;t\u00eb cilat duhet t\u2019u p\u00ebrgjigjen k\u00ebrkesave t\u00eb tij sa m\u00eb shpejt t\u00eb jet\u00eb e mundur, por jo m\u00eb von\u00eb se 30 dit\u00eb.<\/a><\/p>\n<p><a target=\"_blank\" rel=\"noopener\"><strong>Neni 15<\/strong><\/a><\/p>\n<p><a target=\"_blank\" rel=\"noopener\"><strong>Mosk\u00ebrkimi i form\u00ebs p\u00ebr ankesat dhe njoftimet<\/strong><\/a><\/p>\n<p><a target=\"_blank\" rel=\"noopener\">P\u00ebr ankesat, k\u00ebrkesat dhe njoftimet drejtuar Avokatit t\u00eb Popullit nuk k\u00ebrkohet ndonj\u00eb form\u00eb e caktuar, por ato duhet t\u00eb shprehin qart\u00eb objektin e ankimit ose t\u00eb k\u00ebrkes\u00ebs. Avokati i Popullit nuk pranon ankesa ose k\u00ebrkesa anonime.<\/a><\/p>\n<p><a target=\"_blank\" rel=\"noopener\"><strong>Neni 16<\/strong><\/a><\/p>\n<p><a target=\"_blank\" rel=\"noopener\"><strong>Sh\u00ebrbim pa pages\u00eb<\/strong><\/a><\/p>\n<p><a target=\"_blank\" rel=\"noopener\">\u00c7do sh\u00ebrbim q\u00eb b\u00ebhet nga Avokati i Popullit lidhur me ankesat, k\u00ebrkesat e njoftimet \u00ebsht\u00eb pa pages\u00eb.<\/a><\/p>\n<p><a target=\"_blank\" rel=\"noopener\"><strong>Neni 17<\/strong><\/a><\/p>\n<p><a target=\"_blank\" rel=\"noopener\"><strong>Administrimi i ankesave ose njoftimeve nga Avokati i Popullit<\/strong><\/a><\/p>\n<p><a target=\"_blank\" rel=\"noopener\">Avokati i Popullit, pasi njihet me ankes\u00ebn, k\u00ebrkes\u00ebn apo njoftimin p\u00ebr nj\u00eb shkelje, vendos:<\/a><\/p>\n<p><a target=\"_blank\" rel=\"noopener\">a):&nbsp;ta pranoj\u00eb ose jo \u00e7\u00ebshtjen p\u00ebr shqyrtim;<\/a><\/p>\n<p><a target=\"_blank\" rel=\"noopener\">b):&nbsp;t\u2019i kthej\u00eb p\u00ebrgjigje t\u00eb interesuarit, duke i treguar t\u00eb drejtat dhe rrug\u00ebt n\u00ebp\u00ebrmjet t\u00eb cilave ai mund ta mbroj\u00eb k\u00ebt\u00eb t\u00eb drejt\u00eb;<\/a><\/p>\n<p><a target=\"_blank\" rel=\"noopener\">c):&nbsp;t\u2019ia kaloj\u00eb \u00e7\u00ebshtjen organit kompetent.<\/a><\/p>\n<p><a target=\"_blank\" rel=\"noopener\">N\u00eb t\u00eb gjitha rastet e m\u00ebsip\u00ebrme, Avokati i Popullit njofton t\u00eb interesuarit br\u00ebnda 30 dit\u00ebsh nga dita e marrjes s\u00eb ankes\u00ebs, k\u00ebrkes\u00ebs ose njoftimit.<\/a><\/p>\n<p><a target=\"_blank\" rel=\"noopener\"><strong>Neni 18<\/strong><\/a><\/p>\n<p><a target=\"_blank\" rel=\"noopener\"><strong>Procedura pas pranimit t\u00eb ankes\u00ebs, k\u00ebrkes\u00ebs apo njoftimit p\u00ebr shqyrtim<\/strong><\/a><\/p>\n<p><a target=\"_blank\" rel=\"noopener\">Pas pranimit t\u00eb ankes\u00ebs, k\u00ebrkes\u00ebs apo njoftimit p\u00ebr shqyrtim, Avokati i Popullit kryen nj\u00ebr\u00ebn nga veprimet e m\u00ebposhtme:<\/a><\/p>\n<p><a target=\"_blank\" rel=\"noopener\">a):&nbsp;nd\u00ebrmerr vet\u00eb nj\u00eb proces hetimi;<\/a><\/p>\n<p><a target=\"_blank\" rel=\"noopener\">b):&nbsp;k\u00ebrkon shpjegime nga organet e administra-t\u00ebs, si dhe prokuroria, n\u00eb rastet e arrestimeve dhe ndalimeve;<\/a><\/p>\n<p><a target=\"_blank\" rel=\"noopener\">c):&nbsp;i rekomandon Kontrollit t\u00eb Lart\u00eb t\u00eb Shtetit t\u00eb ushtroj\u00eb funksionet e veta.<\/a><\/p>\n<p><a target=\"_blank\" rel=\"noopener\"><strong>Neni 19<\/strong><\/a><\/p>\n<p><a target=\"_blank\" rel=\"noopener\"><strong>Procedura e hetimit<\/strong><\/a><\/p>\n<p><a target=\"_blank\" rel=\"noopener\">N\u00eb rastet kur vendos t\u00eb kryej\u00eb hetime t\u00eb pavarura, Avokati i Popullit ka t\u00eb drejt\u00eb:<\/a><\/p>\n<p><a target=\"_blank\" rel=\"noopener\">a):&nbsp;t\u00eb kryej\u00eb hetime n\u00eb vend,&nbsp;p\u00ebrfshir\u00eb edhe hyrjen n\u00eb \u00e7do zyr\u00eb t\u00eb institucioneve publike dhe k\u00ebqyrjen n\u00eb vend t\u00eb akteve apo dokumenteve q\u00eb kan\u00eb lidhje me \u00e7\u00ebshtjen q\u00eb heton.<\/a><\/p>\n<p><a target=\"_blank\" rel=\"noopener\">b):&nbsp;t\u00eb k\u00ebrkoj\u00eb shpjegime nga \u00e7do organ i administrat\u00ebs qendrore dhe vendore, si dhe t\u00eb marr\u00eb \u00e7do dosje apo material q\u00eb ka lidhje me hetimin;<\/a><\/p>\n<p><a target=\"_blank\" rel=\"noopener\">c):&nbsp;t\u00eb marr\u00eb n\u00eb pyetje \u00e7do person q\u00eb, sipas tij, \u00ebsht\u00eb i lidhur me \u00e7\u00ebshtjen n\u00ebn hetim,&nbsp;dhe t\u00eb th\u00ebrras\u00eb n\u00eb zyr\u00ebn e tij t\u00eb gjith\u00eb personat pa imunitet;<\/a><\/p>\n<p><a target=\"_blank\" rel=\"noopener\">\u00e7):&nbsp;t\u00eb kryej\u00eb ose t\u00eb k\u00ebrkoj\u00eb ekspertiza.<\/a><\/p>\n<p><a target=\"_blank\" rel=\"noopener\">Avokati i Popullit ka t\u00eb drejt\u00eb t\u00eb caktoj\u00eb nj\u00eb afat p\u00ebr kryerjen e veprimeve t\u00eb m\u00ebsip\u00ebrme.<\/a><\/p>\n<p><a target=\"_blank\" rel=\"noopener\"><strong>Neni 19\/1<\/strong><\/a><\/p>\n<p><a target=\"_blank\" rel=\"noopener\">Avokati i Popullit apo personat e autorizuar prej tij kan\u00eb t\u00eb drejt\u00eb t\u00eb hyjn\u00eb n\u00eb \u00e7do koh\u00eb, pa kufizim e pa autorizim paraprak, por duke v\u00ebn\u00eb n\u00eb dijeni titullarin e institucionit, n\u00eb t\u00eb gjitha institucionet e &nbsp;administrat\u00ebs publike, n\u00eb burgje, n\u00eb vende ku policia ose prokuroria mbajn\u00eb persona t\u00eb shoq\u00ebruar, t\u00eb ndaluar apo t\u00eb arrestuar, (t\u00eb paraburgosurit), n\u00eb reparte apo institucione shtet\u00ebrore, spitale psikiatrike, n\u00eb azile, n\u00eb sht\u00ebpi f\u00ebmije, si dhe n\u00eb \u00e7do vend tjet\u00ebr kur ka t\u00eb dh\u00ebna dhe \u00e7mon se ekziston mund\u00ebsia e shkeljes s\u00eb t\u00eb drejtave dhe lirive t\u00eb njeriut.<\/a><\/p>\n<p><a target=\"_blank\" rel=\"noopener\">Hyrja n\u00eb t\u00eb gjitha mjediset e m\u00ebsip\u00ebrme mund t\u00eb b\u00ebhet si p\u00ebr t\u00eb hetuar nj\u00eb ankes\u00eb, nj\u00eb k\u00ebrkes\u00eb ose njoftim t\u00eb caktuar, ashtu edhe me nism\u00ebn e Avokatit t\u00eb Popullit p\u00ebr q\u00ebllime inspektimi apo studimi. Avokati i Popullit n\u00eb k\u00ebto raste mund t\u00eb marr\u00eb takim, t\u00eb bisedoj\u00eb&nbsp;n\u00eb m\u00ebnyr\u00eb konfidenciale e pa pranin\u00eb e personave zyrtar\u00eb me cilindo person q\u00eb ndodhet apo mbahet n\u00eb k\u00ebto mjedise.<\/a><\/p>\n<p><a target=\"_blank\" rel=\"noopener\">\u00c7do lloj korrespondence e k\u00ebtyre personave me Avokatin e Popullit nuk duhet t\u00eb pengohet ose t\u00eb kontrollohet.<\/a><\/p>\n<p><a target=\"_blank\" rel=\"noopener\"><strong>Neni 20<\/strong><\/a><\/p>\n<p><a target=\"_blank\" rel=\"noopener\"><strong>E drejta p\u00ebr t\u00eb k\u00ebrkuar informacione apo dokumente sekrete shtet\u00ebrore<\/strong><\/a><\/p>\n<p><a target=\"_blank\" rel=\"noopener\">Avokati i Popullit ka t\u00eb drejt\u00eb t\u00eb k\u00ebrkoj\u00eb edhe informacione apo dokumente, q\u00eb lidhen me \u00e7\u00ebshtjen n\u00eb shqyrtim, t\u00eb klasifikuara si sekret shtet\u00ebror. N\u00eb k\u00ebto raste, ai \u00ebsht\u00eb i detyruar t\u00eb respektoj\u00eb k\u00ebrkesat p\u00ebr ruajtjen e sekretit shtet\u00ebror.<\/a><\/p>\n<p><a target=\"_blank\" rel=\"noopener\"><strong>Neni 21<\/strong><\/a><\/p>\n<p><a target=\"_blank\" rel=\"noopener\"><strong>Veprimet pas p\u00ebrfundimit t\u00eb hetimit dhe kompetencat<\/strong><\/a><\/p>\n<p><a target=\"_blank\" rel=\"noopener\">Pas p\u00ebrfundimit t\u00eb hetimit, Avokati i Popullit kryen k\u00ebto veprime:<\/a><\/p>\n<p><a target=\"_blank\" rel=\"noopener\">a):&nbsp;i shpjegon ankuesit se t\u00eb drejtat e tij nuk jan\u00eb shkelur;<\/a><\/p>\n<p><a target=\"_blank\" rel=\"noopener\">b):&nbsp;paraqet rekomandime p\u00ebr v\u00ebnien n\u00eb vend t\u00eb s\u00eb drejt\u00ebs s\u00eb shkelur tek organi administrativ, q\u00eb, sipas tij ka shkaktuar shkelje t\u00eb t\u00eb drejtave dhe lirive;<\/a><\/p>\n<p><a target=\"_blank\" rel=\"noopener\">Paraqitja e rekomandimit pezullon aktet ose veprimet e paligjshme apo t\u00eb parregullta deri n\u00eb shqyrtimin e k\u00ebtij rekomandimi dhe dh\u00ebnien e p\u00ebrgjigjes Avokatit t\u00eb Popullit.<\/a><\/p>\n<p><a target=\"_blank\" rel=\"noopener\">c):&nbsp;paraqet rekomandime p\u00ebr marrje masash p\u00ebr v\u00ebnien n\u00eb vend t\u00eb s\u00eb drejt\u00ebs s\u00eb shkelur tek organi epror i organit q\u00eb ka shkaktuar shkeljen; Mosshqyrtimi i rekomandimit br\u00ebnda 30 dit\u00ebve pezullon aktet ose veprimet e paligjshme ose t\u00eb parregullta.<\/a><\/p>\n<p><a target=\"_blank\" rel=\"noopener\">\u00e7):&nbsp;i rekomandon prokuroris\u00eb t\u00eb filloj\u00eb hetime n\u00eb qoft\u00eb se v\u00ebren se \u00ebsht\u00eb konsumuar figura e nj\u00eb vepre penale;&nbsp;ose t\u00eb rifilloj\u00eb hetimet e pushuara ose t\u00eb pezulluara.<\/a><\/p>\n<p><a target=\"_blank\" rel=\"noopener\">d):&nbsp;p\u00ebr shkelje t\u00eb r\u00ebnda, t\u00eb v\u00ebna re, i propozon \u00e7do organi, si dhe Kuvendit, shkarkimin e funksiona-r\u00ebve q\u00eb jan\u00eb kompetenc\u00eb e tyre;<\/a><\/p>\n<p><a target=\"_blank\" rel=\"noopener\">dh):&nbsp;p\u00ebr shkelje t\u00eb t\u00eb drejtave nga organet e pushtetit gjyq\u00ebsor, pa nd\u00ebrhyr\u00eb n\u00eb procedur\u00ebn q\u00eb ato zbatojn\u00eb, Avokati i Popullit i b\u00ebn t\u00eb ditur shkeljet organit kompetent;<\/a><\/p>\n<p><a target=\"_blank\" rel=\"noopener\">e):&nbsp;u rekomandon personave t\u00eb d\u00ebmtuar t\u00eb paraqesin padi n\u00eb gjykat\u00eb;<\/a><\/p>\n<p><a target=\"_blank\" rel=\"noopener\">Rastet e m\u00ebsip\u00ebrme nuk p\u00ebrjashtojn\u00eb nj\u00ebri-tjetrin.<\/a><\/p>\n<p><a target=\"_blank\" rel=\"noopener\"><strong>Neni 22<\/strong><\/a><\/p>\n<p><a target=\"_blank\" rel=\"noopener\"><strong>Detyrimi i organeve t\u00eb administrat\u00ebs p\u00ebr t\u2019ju p\u00ebrgjigjur rekomandimeve t\u00eb Avokatit t\u00eb Popullit<\/strong><\/a><\/p>\n<p><a target=\"_blank\" rel=\"noopener\">Organet, t\u00eb cilave Avokati i Popullit u ka drejtuar nj\u00eb rekomandim, k\u00ebrkes\u00eb apo propozim p\u00ebr shkarkim, duhet ta shqyrtojn\u00eb rekomandimin, k\u00ebrkes\u00ebn apo propozimin p\u00ebr shkarkim dhe t\u00eb kthejn\u00eb p\u00ebrgjigje br\u00ebnda 30 dit\u00ebsh nga data e d\u00ebrgimit t\u00eb rekomandimit, k\u00ebrkes\u00ebs apo propozimit p\u00ebr shkarkim. P\u00ebrgjigjja duhet t\u00eb p\u00ebrmbaj\u00eb shpjegime t\u00eb arsyetuara p\u00ebr \u00e7\u00ebshtjen n\u00eb fjal\u00eb, si dhe \u00e7far\u00eb veprimesh, mosveprimesh apo masash ka nd\u00ebrmarr\u00eb ai organ.<\/a><\/p>\n<p><a target=\"_blank\" rel=\"noopener\">Avokati i Popullit duhet t\u00eb njoftohet dhe ka t\u00eb drejt\u00eb t\u00eb marr\u00eb pjes\u00eb e t\u00eb flas\u00eb n\u00eb mbledhjet e organeve kolegjale t\u00eb administrat\u00ebs publike, ku merret n\u00eb shqyrtim rekomandimi, k\u00ebrkesa apo propozimi i tij.<\/a><\/p>\n<p><a target=\"_blank\" rel=\"noopener\"><strong>Neni&nbsp;22\/1<\/strong><\/a><\/p>\n<p><a target=\"_blank\" rel=\"noopener\"><strong>Sanksionet p\u00ebr mosbashk\u00ebpunimin me Avokatin e Popullit<\/strong><\/a><\/p>\n<p><a target=\"_blank\" rel=\"noopener\">Refuzimi p\u00ebr t\u00eb bashk\u00ebpunuar me Avokatin e Popullit nga n\u00ebpun\u00ebsi civil, funksionari ose autoriteti publik p\u00ebrb\u00ebn shkak q\u00eb Avokati i Popullit t\u00eb k\u00ebrkoj\u00eb nga autoriteti kompetent fillimin e pro\u00e7edur\u00ebs administrative dhe marrjen e masave disiplinore deri n\u00eb largimin nga puna ose nga sh\u00ebrbimi civil.<\/a><\/p>\n<p><a target=\"_blank\" rel=\"noopener\"><strong>Neni 23<\/strong><\/a><\/p>\n<p><a target=\"_blank\" rel=\"noopener\"><strong>Ndjekja e m\u00ebtejshme e \u00e7\u00ebshtjes nga Avokati i Popullit<\/strong><\/a><\/p>\n<p><a target=\"_blank\" rel=\"noopener\">N\u00eb rast se Avokati i Popullit nuk i quan t\u00eb mjaftueshme p\u00ebrgjigjet ose masat e nd\u00ebrmarra nga organi, ai ka t\u00eb drejt\u00eb ta ndjek\u00eb \u00e7\u00ebshtjen tek organi m\u00eb i lart\u00eb n\u00eb hierarki. N\u00eb rastet e p\u00ebrs\u00ebritura si dhe kur organi p\u00ebrkat\u00ebs nuk reagon ndaj rekomandimeve t\u00eb Avokatit t\u00eb Popullit, ky i fundit mund t\u2019i drejtohet edhe Kuvendit me nj\u00eb raport, duke propozuar edhe masa konkrete p\u00ebr v\u00ebnien n\u00eb vend t\u00eb s\u00eb drejt\u00ebs s\u00eb shkelur.<\/a><\/p>\n<p><a target=\"_blank\" rel=\"noopener\"><strong>Neni 24<\/strong><\/a><\/p>\n<p><a target=\"_blank\" rel=\"noopener\"><strong>E drejta e Avokatit t\u00eb Popullit p\u00ebr rekomandime legjislative<\/strong><\/a><\/p>\n<p><a target=\"_blank\" rel=\"noopener\">Kur Avokati i Popullit v\u00ebren se \u00ebsht\u00eb vet\u00eb p\u00ebrmbajtja e ligjit ose e akteve t\u00eb tjera normative dhe jo zbatimi i tyre, shkaku q\u00eb krijon premisa p\u00ebr shkelje t\u00eb t\u00eb drejtave t\u00eb njeriut, t\u00eb njohura nga Kushtetuta ose ligjet e tjera, ka t\u00eb drejt\u00eb:<\/a><\/p>\n<p><a target=\"_blank\" rel=\"noopener\">a):&nbsp;t\u2019u rekomandoj\u00eb organeve q\u00eb kan\u00eb t\u00eb drejt\u00ebn ligjv\u00ebn\u00ebse t\u00eb b\u00ebjn\u00eb propozime p\u00ebr ndryshimin dhe p\u00ebrmir\u00ebsimin e ligjeve;<\/a><\/p>\n<p><a target=\"_blank\" rel=\"noopener\">b):&nbsp;t\u2019u propozoj\u00eb organeve t\u00eb administrat\u00ebs ndryshimin ose p\u00ebrmir\u00ebsimin e akteve n\u00ebnligjore;&nbsp;mosshqyrtimi i propozimit br\u00ebnda 30 dit\u00ebve sjell si pasoj\u00eb pezullimin e fuqis\u00eb s\u00eb akteve n\u00ebnligjore q\u00eb shkaktojn\u00eb shkelje t\u00eb t\u00eb drejtave dhe lirive.<\/a><\/p>\n<p><a target=\"_blank\" rel=\"noopener\">c):&nbsp;t\u00eb v\u00ebr\u00eb n\u00eb l\u00ebvizje&nbsp;Gjykat\u00ebn Kushtetuese me k\u00ebrkes\u00ebn p\u00ebr shfuqizimin e akteve t\u00eb tilla.<\/a><\/p>\n<p><a target=\"_blank\" rel=\"noopener\"><strong>Neni 25<\/strong><\/a><\/p>\n<p><a target=\"_blank\" rel=\"noopener\"><strong>Personat dhe aktet jasht\u00eb juridiksionit t\u00eb Avokatit t\u00eb Popullit<\/strong><\/a><\/p>\n<p><a target=\"_blank\" rel=\"noopener\">Jan\u00eb jasht\u00eb juridiksionit t\u00eb Avokatit t\u00eb Popullit personat dhe aktet e m\u00ebposhtme:<\/a><\/p>\n<p><a target=\"_blank\" rel=\"noopener\">a):&nbsp;Presidenti i Republik\u00ebs.<\/a><\/p>\n<p><a target=\"_blank\" rel=\"noopener\">b):&nbsp;Kryetari i K\u00ebshillit t\u00eb Ministrave.<\/a><\/p>\n<p><a target=\"_blank\" rel=\"noopener\">Gjithashtu, jan\u00eb jasht\u00eb juridiksionit t\u00eb Avokatit t\u00eb Popullit:<\/a><\/p>\n<p><a target=\"_blank\" rel=\"noopener\">Urdh\u00ebrat me karakter ushtarak t\u00eb Forcave t\u00eb Armatosura<\/a><\/p>\n<p><a target=\"_blank\" rel=\"noopener\">Avokati i Popullit pranon ankesa, k\u00ebrkesa ose njoftime p\u00ebr shkelje t\u00eb t\u00eb drejtave t\u00eb njeriut, q\u00eb rrjedhin nga administrata e pushtetit gjyq\u00ebsor dhe ekzekutimi i vendimeve gjyq\u00ebsore. Hetimi dhe k\u00ebrkesa e Avokatit t\u00eb Popullit nuk prekin pavar\u00ebsin\u00eb e gjykat\u00ebs n\u00eb marrjen e vendimit.<\/a><\/p>\n<p><a target=\"_blank\" rel=\"noopener\"><strong>KREU&nbsp;IV<\/strong><\/a><\/p>\n<p><a target=\"_blank\" rel=\"noopener\"><strong>MARR\u00cbDH\u00cbNIET E AVOKATIT T\u00cb POPULLIT ME KUVENDIN, INSTITUCIONET E TJERA SHTET\u00cbRORE DHE ME ORGANIZATAT JOQEVERITARE<\/strong><\/a><\/p>\n<p><a target=\"_blank\" rel=\"noopener\"><strong>Neni 26<\/strong><\/a><\/p>\n<p><a target=\"_blank\" rel=\"noopener\"><strong>Raportimi n\u00eb Kuvend<\/strong><\/a><\/p>\n<p><a target=\"_blank\" rel=\"noopener\">Avokati i Popullit paraqet n\u00eb Kuvend nj\u00eb raport vjetor, i cili diskutohet n\u00eb seance plenare. Nj\u00eb kopje e k\u00ebtij raporti i d\u00ebrgohet Presidentit t\u00eb Republik\u00ebs dhe Kryetarit t\u00eb K\u00ebshillit t\u00eb Ministrave.<\/a><\/p>\n<p><a target=\"_blank\" rel=\"noopener\">Raporti vjetor p\u00ebr vitin pasardh\u00ebs duhet t\u00eb paraqitet jo m\u00eb von\u00eb se 30 prilli i vitit n\u00eb vazhdim.<\/a><\/p>\n<p><a target=\"_blank\" rel=\"noopener\"><strong>Neni 27<\/strong><\/a><\/p>\n<p><a target=\"_blank\" rel=\"noopener\"><strong>Raportimet e ve\u00e7anta n\u00eb Kuvend<\/strong><\/a><\/p>\n<p><a target=\"_blank\" rel=\"noopener\">P\u00ebrve\u00e7 raportit vjetor, Avokati i Popullit mund t\u00eb paraqes\u00eb, me nism\u00ebn e tij ose me k\u00ebrkes\u00ebn me shkrim t\u00eb Kryetarit t\u00eb Kuvendit ose t\u00eb nj\u00eb grupi deputet\u00ebsh, raporte t\u00eb ve\u00e7anta, p\u00ebr \u00e7\u00ebshtje t\u00eb ndryshme br\u00ebnda funksioneve t\u00eb tij, ve\u00e7an\u00ebrisht n\u00ebse ajo p\u00ebrb\u00ebn shkelje t\u00eb t\u00eb drejtave kushtetuese dhe ligjore. Kryetari i Kuvendit vler\u00ebson n\u00ebse ky raportim do t\u00eb trajtohet:<\/a><\/p>\n<p><a target=\"_blank\" rel=\"noopener\">a. n\u00eb seanc\u00eb plenare;<\/a><\/p>\n<p><a target=\"_blank\" rel=\"noopener\">b. me shp\u00ebrndarje t\u00eb raportit;<\/a><\/p>\n<p><a target=\"_blank\" rel=\"noopener\">c. n\u00eb komisionet e p\u00ebrhershme t\u00eb Kuvendit ose n\u00ebnkomisionet p\u00ebrgjegj\u00ebse;<\/a><\/p>\n<p><a target=\"_blank\" rel=\"noopener\">Edhe n\u00eb k\u00ebto raste, kopje t\u00eb k\u00ebtij raporti i d\u00ebrgohen Presidentit t\u00eb Republik\u00ebs, Kryetarit t\u00eb K\u00ebshillit t\u00eb Ministrave, si dhe organit m\u00eb t\u00eb lart\u00eb epror, vart\u00ebsit e t\u00eb cil\u00ebve jan\u00eb p\u00ebrmendur n\u00eb raport.<\/a><\/p>\n<p><a target=\"_blank\" rel=\"noopener\"><strong>Neni 28<\/strong><\/a><\/p>\n<p><a target=\"_blank\" rel=\"noopener\">Raporti Vjetor i Avokatit t\u00eb Popullit shqyrtohet n\u00eb Kuvend br\u00ebnda 3 (tre) muajve nga depozitimi. Raportet e ve\u00e7anta t\u00eb Avokatit t\u00eb Popullit diskutohen n\u00eb Kuvend br\u00ebnda 2 (dy) muajve nga depozitimi. N\u00ebse raporti vjetor ose raportet e ve\u00e7anta nuk diskutohen nga Kuvendi, br\u00ebnda afateve t\u00eb parashikuara n\u00eb k\u00ebt\u00eb dispozit\u00eb, Avokati i Popullit ka t\u00eb drejt\u00eb t\u00eb publikoj\u00eb raportin. N\u00eb \u00e7do rast t\u00eb shqyrtimit t\u00eb k\u00ebtyre raporteve nga Kuvendi, Avokati i Popullit publikon gjithashtu rezolut\u00ebn e Kuvendit ose format e tjera t\u00eb reagimit parlamentar.<\/a><\/p>\n<p><a target=\"_blank\" rel=\"noopener\"><strong>Neni 29<\/strong><\/a><\/p>\n<p><a target=\"_blank\" rel=\"noopener\"><strong>P\u00ebrgatitja e raporteve p\u00ebr t\u00eb drejtat e njeriut<\/strong><\/a><\/p>\n<p><a target=\"_blank\" rel=\"noopener\">Avokati i Popullit kontribuon n\u00eb p\u00ebrgatitjen e raporteve t\u00eb shtetit shqiptar p\u00ebr organizmat nd\u00ebrkomb\u00ebtar\u00eb, n\u00eb zbatim t\u00eb konventave t\u00eb ratifikuara nga shteti shqiptar, lidhur me t\u00eb drejtat e lirit\u00eb e njeriut n\u00eb Republik\u00ebn e Shqip\u00ebris\u00eb dhe mund t\u00eb paraqes\u00eb pran\u00eb tyre raporte paralele. Avokati i Popullit nxit p\u00ebrfshirjen e mbrojtjes s\u00eb t\u00eb drejtave dhe lirive t\u00eb njeriut, t\u00eb parashikuara n\u00eb Kushtetut\u00eb dhe n\u00eb legjislacionin n\u00eb fuqi n\u00eb programet m\u00ebsimore, si dhe zbatimin e tyre n\u00eb institucionet arsimore.<\/a><\/p>\n<p><a target=\"_blank\" rel=\"noopener\"><strong>Neni 30<\/strong><\/a><\/p>\n<p><a target=\"_blank\" rel=\"noopener\"><strong>Bashk\u00ebpunimi me organizatat joqeveritare<\/strong><\/a><\/p>\n<p><a target=\"_blank\" rel=\"noopener\">N\u00eb kryerjen e funksioneve t\u00eb veta, Avokati i Popullit bashk\u00ebpunon ngusht\u00eb me organizatat joqeveritare, duke marr\u00eb periodikisht mendimet e tyre p\u00ebr gjendjen e t\u00eb drejtave dhe t\u00eb lirive t\u00eb njeriut.<\/a><\/p>\n<p><a target=\"_blank\" rel=\"noopener\">Avokati i Popullit, n\u00eb bashk\u00ebpunim me organizatat joqeveritare, organizon, t\u00eb pakt\u00ebn nj\u00eb here n\u00eb vit, veprimtari komb\u00ebtare p\u00ebr gjendjen e t\u00eb drejtave dhe t\u00eb lirive t\u00eb njeriut n\u00eb Republik\u00ebn e Shqip\u00ebris\u00eb.<\/a><\/p>\n<p><a target=\"_blank\" rel=\"noopener\"><strong>KREU&nbsp;V<\/strong><\/a><\/p>\n<p><a target=\"_blank\" rel=\"noopener\"><strong>KOMISIONER\u00cbT, ZYRA E AVOKATIT T\u00cb POPULLIT DHE BUXHETI<\/strong><\/a><\/p>\n<p><a target=\"_blank\" rel=\"noopener\"><strong>Neni 31<\/strong><\/a><\/p>\n<p><a target=\"_blank\" rel=\"noopener\">Zyra e Avokatit t\u00eb Popullit ndahet n\u00eb pes\u00eb seksione t\u00eb specializuara, n\u00eb krye t\u00eb t\u00eb cilave vendosen komisioner\u00ebt.<\/a><\/p>\n<p><a target=\"_blank\" rel=\"noopener\">K\u00ebto seksione jan\u00eb:<\/a><\/p>\n<p><a target=\"_blank\" rel=\"noopener\">1. Seksioni p\u00ebr organet e administrat\u00ebs qendrore, t\u00eb pushtetit vendor dhe t\u00eb t\u00eb tret\u00ebve q\u00eb veprojn\u00eb p\u00ebr llogari t\u00eb tyre.<\/a><\/p>\n<p><a target=\"_blank\" rel=\"noopener\">2. Seksioni p\u00ebr policin\u00eb, sh\u00ebrbimin sekret, burgjet, Forcat e Armatosura dhe pushtetin gjyq\u00ebsor.<\/a><\/p>\n<p><a target=\"_blank\" rel=\"noopener\">3. Mekanizmi Komb\u00ebtar p\u00ebr Parandalimin e Tortur\u00ebs, Trajtimit ose D\u00ebnimit t\u00eb Eg\u00ebr, \u00c7njer\u00ebzor ose Posht\u00ebrues.<\/a><\/p>\n<p><a target=\"_blank\" rel=\"noopener\">4. Seksioni p\u00ebr mbrojtjen dhe promovimin e t\u00eb drejtave t\u00eb f\u00ebmij\u00ebve.<\/a><\/p>\n<p><a target=\"_blank\" rel=\"noopener\">5. Seksioni i p\u00ebrgjithsh\u00ebm.<\/a><\/p>\n<p><a target=\"_blank\" rel=\"noopener\">N\u00eb var\u00ebsi t\u00eb nevojave t\u00eb institucionit, Avokati i Popullit vendos q\u00eb pran\u00eb seksioneve t\u00eb ngrihen dhe t\u00eb funksionojn\u00eb n\u00ebnseksione t\u00eb posa\u00e7me, t\u00eb cilat p\u00ebrcaktohen n\u00eb rregulloren e brendshme t\u00eb institucionit.<\/a><\/p>\n<p><a target=\"_blank\" rel=\"noopener\"><strong>Neni 31\/1<\/strong><\/a><\/p>\n<p><a target=\"_blank\" rel=\"noopener\"><strong>Mekanizmi Komb\u00ebtar p\u00ebr Parandalimin e Tortur\u00ebs, Trajtimit ose D\u00ebnimit t\u00eb Eg\u00ebr, \u00c7njer\u00ebzor ose Posht\u00ebrues<\/strong><\/a><\/p>\n<p><a target=\"_blank\" rel=\"noopener\">Avokati i Popullit ushtron funksionet e Mekanizmit Komb\u00ebtar p\u00ebr parandalimin e tortur\u00ebs, trajtimit ose d\u00ebnimit t\u00eb eg\u00ebr, \u00e7njer\u00ebzor ose posht\u00ebrues n\u00eb p\u00ebrputhje me Kushtetut\u00ebn, aktet nd\u00ebrkomb\u00ebtare t\u00eb ratifikuara nga Republika e Shqip\u00ebris\u00eb dhe legjislacionin n\u00eb fuqi. Mekanizmi Komb\u00ebtar p\u00ebr parandalimin e tortur\u00ebs, trajtimit ose d\u00ebnimit t\u00eb eg\u00ebr, \u00e7njer\u00ebzor ose posht\u00ebrues organizohet dhe funksionon si seksion i ve\u00e7ant\u00eb i Avokatit t\u00eb Popullit.<\/a><\/p>\n<p><a target=\"_blank\" rel=\"noopener\"><strong>Neni 32<\/strong><\/a><\/p>\n<p><a target=\"_blank\" rel=\"noopener\"><strong>Em\u00ebrimi i nj\u00eb p\u00ebrfaq\u00ebsuesi vendor<\/strong><\/a><\/p>\n<p><a target=\"_blank\" rel=\"noopener\">N\u00eb rastet kur Avokati i Popullit e sheh t\u00eb arsyeshme, ai mund t\u00eb em\u00ebroj\u00eb nj\u00eb p\u00ebrfaq\u00ebsues t\u00eb tij vendor p\u00ebr nj\u00eb \u00e7\u00ebshtje dhe kohe t\u00eb caktuar. Organet e pushtetit vendor kan\u00eb p\u00ebr detyr\u00eb t\u2019a pajisin k\u00ebt\u00eb p\u00ebrfaq\u00ebsues me zyr\u00eb, si dhe t\u2019i krijojn\u00eb kushtet e nevojshme t\u00eb pun\u00ebs, p\u00ebr zbatimin e gjith\u00eb k\u00ebrkesave t\u00eb k\u00ebtij ligji. Ky p\u00ebrfaq\u00ebsues paguhet nga buxheti i Avokatit t\u00eb Popullit.<\/a><\/p>\n<p><a target=\"_blank\" rel=\"noopener\"><strong>Neni 33<\/strong><\/a><\/p>\n<p><a target=\"_blank\" rel=\"noopener\"><strong>Kushtet p\u00ebr t\u2019u zgjedhur komisioner dhe paga e tyre<\/strong><\/a><\/p>\n<p><a target=\"_blank\" rel=\"noopener\">1. Komisioner mund t\u00eb zgjidhet shtetasi shqiptar q\u00eb n\u00eb momentin e kandidimit p\u00ebrmbush k\u00ebto kushte ligjore:<\/a><\/p>\n<p><a target=\"_blank\" rel=\"noopener\">a) T\u00eb ket\u00eb mbaruar arsimin e lart\u00eb juridik, diplom\u00eb \u201cMaster shkencor\u201d ose tituj t\u00eb ekuivalentuar me t\u00eb;<\/a><\/p>\n<p><a target=\"_blank\" rel=\"noopener\">b) T\u00eb ket\u00eb vjet\u00ebrsi n\u00eb profesion si jurist, jo m\u00eb pak se 10 vjet;<\/a><\/p>\n<p><a target=\"_blank\" rel=\"noopener\">c) T\u00eb mos jet\u00eb i d\u00ebnuar penalisht me vendim t\u00eb form\u00ebs s\u00eb prer\u00eb;<\/a><\/p>\n<p><a target=\"_blank\" rel=\"noopener\">\u00e7) T\u00eb mos jet\u00eb an\u00ebtar i partive politike, deputet, minist\u00ebr, z\u00ebvend\u00ebsminist\u00ebr.<\/a><\/p>\n<p><a target=\"_blank\" rel=\"noopener\">2. Kandidati q\u00eb p\u00ebrmbush kushtet ligjore, t\u00eb parashikuara n\u00eb pik\u00ebn 1, t\u00eb k\u00ebtij neni, zgjidhet komisioner n\u00eb baz\u00eb t\u00eb k\u00ebtyre kritereve objektive:<\/a><\/p>\n<p><a target=\"_blank\" rel=\"noopener\">a) Vjet\u00ebrsis\u00eb n\u00eb profesion;<\/a><\/p>\n<p><a target=\"_blank\" rel=\"noopener\">b) Ecuris\u00eb gjat\u00eb kryerjes s\u00eb arsimit t\u00eb lart\u00eb dhe g\u00ebzimit t\u00eb titujve shkencor\u00eb;<\/a><\/p>\n<p><a target=\"_blank\" rel=\"noopener\">c) Njohurive t\u00eb thelluara dhe\/ose kualifikimit n\u00eb fush\u00ebn e lirive dhe t\u00eb drejtave t\u00eb njeriut dhe t\u00eb ligjit;<\/a><\/p>\n<p><a target=\"_blank\" rel=\"noopener\">\u00e7) Veprimtaris\u00eb s\u00eb njohur n\u00eb opinionin publik, n\u00eb mbrojtjen dhe nxitjen e respektimit t\u00eb t\u00eb drejtave dhe lirive t\u00eb shtetasve;<\/a><\/p>\n<p><a target=\"_blank\" rel=\"noopener\">d) T\u00eb g\u00ebzoj\u00eb integritet t\u00eb lart\u00eb moral dhe figur\u00eb t\u00eb past\u00ebr etiko-morale;<\/a><\/p>\n<p><a target=\"_blank\" rel=\"noopener\">3. Paga e komisioner\u00ebve \u00ebsht\u00eb sa dy t\u00eb tretat e pag\u00ebs s\u00eb Avokatit t\u00eb Popullit.<\/a><\/p>\n<p><a target=\"_blank\" rel=\"noopener\"><strong>Neni 33\/1<\/strong><\/a><\/p>\n<p><a target=\"_blank\" rel=\"noopener\"><strong>Zgjedhja e komisioner\u00ebve<\/strong><\/a><\/p>\n<p><a target=\"_blank\" rel=\"noopener\">1. Komisioneri zgjidhet nga Kuvendi i Shqip\u00ebris\u00eb p\u00ebr nj\u00eb mandat 4-vje\u00e7ar, me t\u00eb drejt\u00eb rizgjedhjeje vet\u00ebm nj\u00eb her\u00eb.<\/a><\/p>\n<p><a target=\"_blank\" rel=\"noopener\">2. Avokati i Popullit, jo m\u00eb von\u00eb se tre muaj p\u00ebrpara p\u00ebrfundimit t\u00eb mandatit t\u00eb p\u00ebrcaktuar n\u00eb pik\u00ebn 1, t\u00eb k\u00ebtij neni, publikon shpalljen p\u00ebr vendin vakant t\u00eb komisionerit.<\/a><\/p>\n<p><a target=\"_blank\" rel=\"noopener\">3. N\u00eb rastet e tjera t\u00eb mbarimit t\u00eb mandatit, sipas k\u00ebtij ligji, shpallja p\u00ebr vendin vakant t\u00eb komisionerit b\u00ebhet kryesisht nga Kuvendi, br\u00ebnda 10 dit\u00ebve nga krijimi i vakanc\u00ebs.<\/a><\/p>\n<p><a target=\"_blank\" rel=\"noopener\">4. Me ftes\u00eb t\u00eb hapur publike t\u00eb Avokatit t\u00eb Popullit, \u00e7do shtetas, i cili plot\u00ebson kushtet e parashikuara n\u00eb k\u00ebt\u00eb ligj, mund t\u00eb paraqes\u00eb kandidatur\u00ebn p\u00ebr komisioner pran\u00eb Avokatit t\u00eb Popullit. Avokati i Popullit merr n\u00eb shqyrtim dhe verifikon p\u00ebrmbushjen e kushteve dhe kritereve ligjore t\u00eb \u00e7do kandidature, me an\u00eb t\u00eb nj\u00eb procesi t\u00eb hapur dhe publik.<\/a><\/p>\n<p><a target=\"_blank\" rel=\"noopener\">5. Avokati i Popullit, n\u00eb bashk\u00ebpunim me organizatat e shoq\u00ebris\u00eb civile, q\u00eb veprojn\u00eb n\u00eb fush\u00ebn e mbrojtjes s\u00eb t\u00eb drejtave t\u00eb njeriut, organizon procesin p\u00ebr shqyrtimin dhe vler\u00ebsimin e kandidaturave.<\/a><\/p>\n<p><a target=\"_blank\" rel=\"noopener\">6. Lista me kat\u00ebr kandidat\u00ebt e p\u00ebrzgjedhur nga Avokati i Popullit p\u00ebr \u00e7do vend vakant, s\u00eb bashku me vler\u00ebsimin e tij p\u00ebr p\u00ebrmbushjen e kushteve dhe kritereve ligjore dhe renditjen e kandidaturave, sipas preferenc\u00ebs s\u00eb tij, i kalon komisionit t\u00eb Kuvendit q\u00eb mbulon \u00e7\u00ebshtjet ligjore, jo m\u00eb von\u00eb se 45 dit\u00eb p\u00ebrpara p\u00ebrfundimit t\u00eb mandatit t\u00eb p\u00ebrcaktuar n\u00eb pik\u00ebn 1 t\u00eb k\u00ebtij neni.<\/a><\/p>\n<p><a target=\"_blank\" rel=\"noopener\">7. Komisioni i Kuvendit q\u00eb mbulon \u00e7\u00ebshtjet ligjore organizon seanca d\u00ebgjimore publike me kat\u00ebr kandidat\u00ebt e p\u00ebrzgjedhur p\u00ebr \u00e7do vend vakant nga Avokati i Popullit.<\/a><\/p>\n<p><a target=\"_blank\" rel=\"noopener\">8. Pas marrjes n\u00eb shqyrtim t\u00eb kat\u00ebr kandidaturave p\u00ebr \u00e7do vend vakant, komisioni p\u00ebrzgjedh p\u00ebr t\u2019iu paraqitur p\u00ebr votim Kuvendit dy kandidat\u00eb, ose n\u00eb rast barazie votash edhe m\u00eb shum\u00eb kandidat\u00eb, t\u00eb cil\u00ebt g\u00ebzojn\u00eb mb\u00ebshtetjen m\u00eb t\u00eb madhe midis an\u00ebtar\u00ebve t\u00eb komisionit.<\/a><\/p>\n<p><a target=\"_blank\" rel=\"noopener\">9. Kandidat\u00ebt e p\u00ebrzgjedhur, sipas procedur\u00ebs s\u00eb parashikuar n\u00eb pikat 7 dhe 8 t\u00eb k\u00ebtij neni, i kalojn\u00eb Kuvendit p\u00ebr votim.<\/a><\/p>\n<p><a target=\"_blank\" rel=\"noopener\"><strong>Neni 34<\/strong><\/a><\/p>\n<p><a target=\"_blank\" rel=\"noopener\"><strong>Mbarimi i mandatit dhe shkarkimi i komisioner\u00ebve<\/strong><\/a><\/p>\n<p><a target=\"_blank\" rel=\"noopener\">Parashikimet e k\u00ebtij ligji p\u00ebr rastet e mbarimit t\u00eb mandatit dhe shkarkimit t\u00eb Avokatit t\u00eb Popullit zbatohen edhe p\u00ebr komisioner\u00ebt. Komisioneri mund t\u00eb shkarkohet nga Kuvendi me k\u00ebrkes\u00eb t\u00eb motivuar t\u00eb s\u00eb paku 1\/3 s\u00eb deputet\u00ebve t\u00eb Kuvendit ose t\u00eb Avokatit t\u00eb Popullit.<\/a><\/p>\n<p><a target=\"_blank\" rel=\"noopener\">N\u00eb rastet e p\u00ebrfundimit t\u00eb koh\u00ebzgjatjes s\u00eb mandatit t\u00eb komisionerit, sipas nenit 7, shkronja \u201cb\u201d, ai\/ajo vazhdon t\u00eb q\u00ebndroj\u00eb n\u00eb detyr\u00eb deri n\u00eb zgjedhjen e komisionerit t\u00eb ri.<\/a><\/p>\n<p><a target=\"_blank\" rel=\"noopener\">Avokati i Popullit cakton nj\u00eb prej komisioner\u00ebve n\u00eb detyr\u00eb p\u00ebr t\u00eb z\u00ebvend\u00ebsuar komisionerin t\u00eb cilit i ka mbaruar mandati n\u00eb rastet e tjera t\u00eb parashikuara n\u00eb k\u00ebt\u00eb ligj, deri n\u00eb zgjedhjen e komisionerit t\u00eb ri.<\/a><\/p>\n<p><a target=\"_blank\" rel=\"noopener\"><strong>Neni 35<\/strong><\/a><\/p>\n<p><a target=\"_blank\" rel=\"noopener\"><strong>Organizimi dhe personeli i Zyr\u00ebs s\u00eb Avokatit t\u00eb Popullit<\/strong><\/a><\/p>\n<p><a target=\"_blank\" rel=\"noopener\">Avokati i Popullit organizohet n\u00eb nivel qendror dhe vendor, mb\u00ebshtetur n\u00eb nevojat e institucionit dhe Buxhetin e Shtetit.<\/a><\/p>\n<p><a target=\"_blank\" rel=\"noopener\">Struktura dhe organika e institucionit caktohen nga Avokati i Popullit n\u00eb p\u00ebrputhje me numrin e punonj\u00ebsve t\u00eb miratuar n\u00eb buxhetin vjetor t\u00eb institucionit.<\/a><\/p>\n<p><a target=\"_blank\" rel=\"noopener\">Personeli i Zyr\u00ebs s\u00eb Avokatit t\u00eb Popullit b\u00ebn pjes\u00eb n\u00eb sh\u00ebrbimin civil t\u00eb Republik\u00ebs s\u00eb Shqip\u00ebris\u00eb.<\/a><\/p>\n<p><a target=\"_blank\" rel=\"noopener\">Avokati i Popullit dhe komisioner\u00ebt p\u00ebrfitojn\u00eb falas Fletoren Zyrtare.<\/a><\/p>\n<p><a target=\"_blank\" rel=\"noopener\"><strong>Neni 36<\/strong><\/a><\/p>\n<p><a target=\"_blank\" rel=\"noopener\"><strong>Buxheti i Avokatit t\u00eb Popullit<\/strong><\/a><\/p>\n<p><a target=\"_blank\" rel=\"noopener\">Projektbuxheti i Avokatit t\u00eb Popullit propozohet nga Avokati i Popullit, n\u00eb p\u00ebrputhje me ligjin p\u00ebr menaxhimin e sistemit buxhetor n\u00eb Republik\u00ebn e Shqip\u00ebris\u00eb, dhe miratohet nga Kuvendi.<\/a><\/p>\n<p><a target=\"_blank\" rel=\"noopener\">Avokati i Popullit p\u00ebrgatit p\u00ebr \u00e7do vit llogarit\u00eb e veta, n\u00eb p\u00ebrputhje me ligjin p\u00ebr menaxhimin financiar dhe kontrollin. Llogarit\u00eb financiare t\u00eb institucionit t\u00eb Avokatit t\u00eb Popullit kontrollohen nga Kontrolli i Lart\u00eb i Shtetit.<\/a><\/p>\n<p><a target=\"_blank\" rel=\"noopener\"><strong>Neni 37<\/strong><\/a><\/p>\n<p><a target=\"_blank\" rel=\"noopener\"><strong>Donacionet q\u00eb mund t\u2019i jepen Avokatit t\u00eb Popullit<\/strong><\/a><\/p>\n<p><a target=\"_blank\" rel=\"noopener\">Avokati i Popullit mund t\u00eb p\u00ebrfitoj\u00eb nga donacione t\u00eb ndryshme financiare ose materiale. Donacionet duhet t\u00eb jen\u00eb pa kushte q\u00eb mund t\u00eb kompromentojn\u00eb pavar\u00ebsin\u00eb, paan\u00ebsin\u00eb dhe kushtetushm\u00ebrin\u00eb e veprimtaris\u00eb s\u00eb Avokatit t\u00eb Popullit. Donacionet duhet t\u00eb deklarohen dhe t\u00eb sh\u00ebnohen n\u00eb nj\u00eb regjist\u00ebr q\u00eb zyra e Avokatit t\u00eb Popullit mban p\u00ebr k\u00ebt\u00eb q\u00ebllim. N\u00eb fund t\u00eb vitit, Avokati i Popullit detyrohet t\u00eb \u00e7oj\u00eb nj\u00eb kopje t\u00eb regjistrit me hyrjet dhe daljet n\u00eb Kontrollin e Lart\u00eb t\u00eb Shtetit dhe nj\u00eb kopje n\u00eb Komisionin e P\u00ebrhersh\u00ebm t\u00eb Ekonomis\u00eb, Financave dhe Privatizimit. Regjistri duhet t\u00eb p\u00ebrmbaj\u00eb llojin e ndihm\u00ebs, mas\u00ebn, koh\u00ebn, subjektin q\u00eb jep donacionin dhe m\u00ebnyr\u00ebn e l\u00ebvrimit t\u00eb donacionit. Regjistri duhet t\u00eb p\u00ebrmbaj\u00eb edhe identitetin dhe n\u00ebnshkrimin e dhuruesit.<\/a><\/p>\n<p><a target=\"_blank\" rel=\"noopener\"><strong>KREU&nbsp;&nbsp; VI<\/strong><\/a><\/p>\n<p><a target=\"_blank\" rel=\"noopener\"><strong>DISPOZITA KALIMTARE<\/strong><\/a><\/p>\n<p><a target=\"_blank\" rel=\"noopener\"><strong>Neni 38<\/strong><\/a><\/p>\n<p><a target=\"_blank\" rel=\"noopener\"><strong>Dispozita kalimtare<\/strong><\/a><\/p>\n<p><a target=\"_blank\" rel=\"noopener\">Br\u00ebnda dy muajve nga hyrja n\u00eb fuqi e k\u00ebtij ligji Kuvendi zgjedh Avokatin e Popullit.<\/a><\/p>\n<p><a target=\"_blank\" rel=\"noopener\"><strong>Neni 38\/1<\/strong><\/a><\/p>\n<p><a target=\"_blank\" rel=\"noopener\"><strong>Dispozit\u00eb kalimtare<\/strong><\/a><\/p>\n<p><a target=\"_blank\" rel=\"noopener\">Komisioner\u00ebt e zgjedhur para hyrjes n\u00eb fuqi t\u00eb k\u00ebtij ligji vazhdojn\u00eb t\u00eb q\u00ebndrojn\u00eb n\u00eb detyr\u00eb, sipas koh\u00ebzgjatjes s\u00eb mandatit t\u00eb parashikuar n\u00eb koh\u00ebn e em\u00ebrimit t\u00eb tyre.<\/a><\/p>\n<p><a style=\"outline: none;\" target=\"_blank\" rel=\"noopener\">Avokati i Popullit, br\u00ebnda 10 dit\u00ebve nga hyrja n\u00eb fuqi e k\u00ebtij ligji, publikon shpalljen p\u00ebr vendin vakant p\u00ebr komisioner\u00ebt q\u00eb do t\u00eb drejtojn\u00eb dy seksionet e krijuara me k\u00ebt\u00eb ligj.<\/a><\/p>\n<p><a target=\"_blank\" rel=\"noopener\"><strong>Neni 39<\/strong><\/a><\/p>\n<p><a target=\"_blank\" rel=\"noopener\"><strong>Rregullorja e brendshme<\/strong><\/a><\/p>\n<p><a target=\"_blank\" rel=\"noopener\">Avokati i Popullit miraton rregulloren e brendshme t\u00eb institucionit, e cila hartohet n\u00eb bashk\u00ebpunim me komisioner\u00ebt.<\/a><\/p>\n<p><a target=\"_blank\" rel=\"noopener\"><strong>Neni 40<\/strong><\/a><\/p>\n<p><a style=\"outline: none;\" target=\"_blank\" rel=\"noopener\">Ky ligj hyn n\u00eb fuqi 15 dit\u00eb pas botimit n\u00eb Fletoren Zyrtare.<\/a><\/p>\n<p><a name=\"_GoBack\"><\/a><\/p>\n<p><a name=\"_GoBack\"><\/a><\/p>\n","protected":false},"excerpt":{"rendered":"<p>LIGJI \u201cPER AVOKATIN E POPULLIT\u201d &#8212; REPUBLIKA E SHQIPERISE KUVENDI LIGJI Nr.8454, dat\u00eb 4.2.1999, plot\u00ebsuar me ligjin nr.8600 dat\u00eb 10.04.2000, ndryshuar me ligjin nr.9398, dat\u00eb 12.05.2005, shtuar dhe ndryshuar me ligjin nr.155\/2014, dat\u00eb 27.11.2014: \u201cP\u00cbR AVOKATIN E POPULLIT\u201d N\u00eb mb\u00ebshtetje t\u00eb neneve 60-63, 81 dhe 83 pika 1 t\u00eb Kushtetut\u00ebs, me propozimin e K\u00ebshillit t\u00eb [&hellip;]<\/p>\n","protected":false},"author":1,"featured_media":0,"parent":0,"menu_order":0,"comment_status":"closed","ping_status":"closed","template":"","meta":{"_seopress_robots_primary_cat":"","_seopress_titles_title":"Legal Basis","_seopress_titles_desc":"","_seopress_robots_index":"","footnotes":""},"class_list":["post-494","page","type-page","status-publish","hentry","post-wrapper","thrv_wrapper"],"_links":{"self":[{"href":"https:\/\/nohatealliance.info\/en\/wp-json\/wp\/v2\/pages\/494","targetHints":{"allow":["GET"]}}],"collection":[{"href":"https:\/\/nohatealliance.info\/en\/wp-json\/wp\/v2\/pages"}],"about":[{"href":"https:\/\/nohatealliance.info\/en\/wp-json\/wp\/v2\/types\/page"}],"author":[{"embeddable":true,"href":"https:\/\/nohatealliance.info\/en\/wp-json\/wp\/v2\/users\/1"}],"replies":[{"embeddable":true,"href":"https:\/\/nohatealliance.info\/en\/wp-json\/wp\/v2\/comments?post=494"}],"version-history":[{"count":1,"href":"https:\/\/nohatealliance.info\/en\/wp-json\/wp\/v2\/pages\/494\/revisions"}],"predecessor-version":[{"id":495,"href":"https:\/\/nohatealliance.info\/en\/wp-json\/wp\/v2\/pages\/494\/revisions\/495"}],"wp:attachment":[{"href":"https:\/\/nohatealliance.info\/en\/wp-json\/wp\/v2\/media?parent=494"}],"curies":[{"name":"wp","href":"https:\/\/api.w.org\/{rel}","templated":true}]}}